{"id":26,"date":"2022-12-31T10:45:25","date_gmt":"2022-12-31T09:45:25","guid":{"rendered":"https:\/\/anciens-armons.be\/wordpress\/?page_id=26"},"modified":"2025-09-29T18:48:33","modified_gmt":"2025-09-29T16:48:33","slug":"prix-annuels-old","status":"publish","type":"page","link":"https:\/\/anciens-armons.be\/wordpress\/prix-annuels-old\/","title":{"rendered":"Prix annuels"},"content":{"rendered":"\n<p>En juin, l&rsquo;Union des Anciens \u00c9l\u00e8ves&nbsp;a le grand plaisir de remettre aux divers laur\u00e9ats, les prix dont voici la liste :<\/p>\n\n\n\n<ul class=\"wp-block-list\">\n<li><strong>Prix de m\u00e9rite \u00ab\u00a0Marcel Charles Furst\u2011Magerman\u00a0\u00bb<\/strong><\/li>\n<\/ul>\n\n\n\n<p>Ces prix sont destin\u00e9s \u00e0 r\u00e9compenser des \u00e9l\u00e8ves m\u00e9ritants sortant de 6\u00e8me pr\u00e9paratoire.<\/p>\n\n\n\n<ul class=\"wp-block-list\">\n<li><strong>Prix de m\u00e9rite \u00ab\u00a0Fernand Bauvois\u00a0\u00bb<\/strong><\/li>\n<\/ul>\n\n\n\n<p>Ces prix sont destin\u00e9s \u00e0 r\u00e9compenser deux \u00e9l\u00e8ves m\u00e9ritants de 3\u00e8me ann\u00e9e des humanit\u00e9s.<\/p>\n\n\n\n<ul class=\"wp-block-list\">\n<li><strong>Prix des Anciens Professeurs et Ma\u00eetres d&rsquo;\u00c9tudes de l&rsquo;A.R. Mons<\/strong><\/li>\n<\/ul>\n\n\n\n<p>Ce prix, destin\u00e9 \u00e0 un \u00e9l\u00e8ve de Rh\u00e9torique, honore le ou les membre(s) du personnel enseignant ou \u00e9ducatif, ayant d\u00e9finitivement cess\u00e9 ses(leurs) fonctions.<\/p>\n\n\n\n<ul class=\"wp-block-list\">\n<li><strong>Prix des langues anciennes \u00ab\u00a0Professeur Demesse\u00a0\u00bb<\/strong><\/li>\n<\/ul>\n\n\n\n<p>Ce prix est attribu\u00e9 \u00e0 l&rsquo;\u00e9l\u00e8ve de Rh\u00e9torique qui a obtenu le plus fort tanti\u00e8me en latin.<\/p>\n\n\n\n<ul class=\"wp-block-list\">\n<li><strong>Prix de math\u00e9matiques \u00ab\u00a0Professeur Ruchard\u00a0\u00bb<\/strong><\/li>\n<\/ul>\n\n\n\n<p>Ce prix est attribu\u00e9 \u00e0 l&rsquo;\u00e9l\u00e8ve de Rh\u00e9torique qui a obtenu le plus fort tanti\u00e8me en math\u00e9matique.<\/p>\n\n\n\n<ul class=\"wp-block-list\">\n<li><strong>Prix de sciences \u00ab\u00a0Pharmacien Fernand Marchand\u00a0\u00bb<\/strong><\/li>\n<\/ul>\n\n\n\n<p>Ce prix est attribu\u00e9, pour son r\u00e9sultat en sciences, \u00e0 un \u00e9l\u00e8ve de Rh\u00e9torique se destinant \u00e0 des \u00e9tudes universitaires.<\/p>\n\n\n\n<ul class=\"wp-block-list\">\n<li><strong>Prix du sens social et du d\u00e9vouement \u00ab\u00a0Georges Scheppers\u00a0\u00bb<\/strong><\/li>\n<\/ul>\n\n\n\n<p>Ce prix, en l&rsquo;honneur du fondateur du Service Social de l&rsquo;Union des Anciens El\u00e8ves, est destin\u00e9 \u00e0 r\u00e9compenser un \u00e9l\u00e8ve de Rh\u00e9torique pour ses vertus de sens social et de serviabilit\u00e9.<\/p>\n\n\n\n<ul class=\"wp-block-list\">\n<li><strong>Prix \u00ab\u00a0Pr\u00e9fet \u00c9mile Fossoul\u00a0\u00bb<\/strong><\/li>\n<\/ul>\n\n\n\n<p>Ce prix est destin\u00e9 \u00e0 r\u00e9compenser l&rsquo;\u00e9l\u00e8ve sortant de Rh\u00e9torique ayant effectu\u00e9 toutes ses Humanit\u00e9s dans l\u2019enseignement officiel dont les deux derni\u00e8res ann\u00e9es \u00e0 l&rsquo;Ath\u00e9n\u00e9e Royal de Mons et qui a r\u00e9alis\u00e9 la meilleure analyse critique et objective de ses 6 ann\u00e9es d\u2019humanit\u00e9s. Ce prix est d\u00e9cern\u00e9 sur concours.<\/p>\n\n\n\n<ul class=\"wp-block-list\">\n<li><strong>Prix de langues vivantes<\/strong><\/li>\n<\/ul>\n\n\n\n<p>Deux prix sont destin\u00e9s \u00e0 r\u00e9compenser des \u00e9l\u00e8ves de Rh\u00e9torique qui se sont distingu\u00e9s dans la premi\u00e8re langue, en N\u00e9erlandais d&rsquo;une part et en Anglais d&rsquo;autre part.<\/p>\n\n\n\n<p>Un prix de deuxi\u00e8me langue est destin\u00e9 \u00e0 r\u00e9compenser l&rsquo;\u00e9l\u00e8ve de Rh\u00e9torique qui s&rsquo;est distingu\u00e9 dans une&nbsp; deuxi\u00e8me langue sans l&rsquo;abandon d&rsquo;une premi\u00e8re langue.<\/p>\n\n\n\n<ul class=\"wp-block-list\">\n<li><strong>Prix de fid\u00e9lit\u00e9 \u00ab\u00a0Pr\u00e9fet Alfred Piraux\u00a0\u00bb<\/strong><\/li>\n<\/ul>\n\n\n\n<p>Ces prix de fid\u00e9lit\u00e9, financ\u00e9s par Monsieur Alfred Piraux, r\u00e9compensent les \u00e9l\u00e8ves qui ont effectu\u00e9 toutes leurs ann\u00e9es scolaires depuis la section maternelle jusqu&rsquo;\u00e0 la rh\u00e9torique, \u00e0 l&rsquo;Ath\u00e9n\u00e9e de Mons.<\/p>\n\n\n\n<ul class=\"wp-block-list\">\n<li><strong>Prix de Sciences \u00c9conomiques \u00ab\u00a0Louis Hubert\u00a0\u00bb<\/strong><\/li>\n<\/ul>\n\n\n\n<p>Ce prix cr\u00e9\u00e9 par la famille \u00e0 la m\u00e9moire de Louis Hubert, ancien \u00e9l\u00e8ve de l&rsquo;ath\u00e9n\u00e9e et Administrateur de l&rsquo;Union pendant 40 ans, est destin\u00e9 \u00e0 r\u00e9compenser l&rsquo;\u00e9l\u00e8ve sortant de rh\u00e9torique et ayant r\u00e9alis\u00e9 le meilleur tanti\u00e8me en Sciences Economiques.<\/p>\n","protected":false},"excerpt":{"rendered":"<p>En juin, l&rsquo;Union des Anciens \u00c9l\u00e8ves&nbsp;a le grand plaisir de remettre aux divers laur\u00e9ats, les prix dont voici la liste : Ces prix sont destin\u00e9s \u00e0 r\u00e9compenser des \u00e9l\u00e8ves m\u00e9ritants sortant de 6\u00e8me pr\u00e9paratoire. Ces prix sont destin\u00e9s \u00e0 r\u00e9compenser deux \u00e9l\u00e8ves m\u00e9ritants de 3\u00e8me ann\u00e9e des humanit\u00e9s. Ce prix, destin\u00e9 \u00e0 un \u00e9l\u00e8ve de [&hellip;]<\/p>\n","protected":false},"author":1,"featured_media":0,"parent":0,"menu_order":0,"comment_status":"closed","ping_status":"closed","template":"","meta":{"footnotes":""},"class_list":["post-26","page","type-page","status-publish","hentry"],"_links":{"self":[{"href":"https:\/\/anciens-armons.be\/wordpress\/wp-json\/wp\/v2\/pages\/26","targetHints":{"allow":["GET"]}}],"collection":[{"href":"https:\/\/anciens-armons.be\/wordpress\/wp-json\/wp\/v2\/pages"}],"about":[{"href":"https:\/\/anciens-armons.be\/wordpress\/wp-json\/wp\/v2\/types\/page"}],"author":[{"embeddable":true,"href":"https:\/\/anciens-armons.be\/wordpress\/wp-json\/wp\/v2\/users\/1"}],"replies":[{"embeddable":true,"href":"https:\/\/anciens-armons.be\/wordpress\/wp-json\/wp\/v2\/comments?post=26"}],"version-history":[{"count":1,"href":"https:\/\/anciens-armons.be\/wordpress\/wp-json\/wp\/v2\/pages\/26\/revisions"}],"predecessor-version":[{"id":27,"href":"https:\/\/anciens-armons.be\/wordpress\/wp-json\/wp\/v2\/pages\/26\/revisions\/27"}],"wp:attachment":[{"href":"https:\/\/anciens-armons.be\/wordpress\/wp-json\/wp\/v2\/media?parent=26"}],"curies":[{"name":"wp","href":"https:\/\/api.w.org\/{rel}","templated":true}]}}