{"id":42,"date":"2022-12-31T11:09:46","date_gmt":"2022-12-31T10:09:46","guid":{"rendered":"https:\/\/anciens-armons.be\/wordpress\/?page_id=42"},"modified":"2022-12-31T11:42:38","modified_gmt":"2022-12-31T10:42:38","slug":"athenee-actuel","status":"publish","type":"page","link":"https:\/\/anciens-armons.be\/wordpress\/athenee-actuel\/","title":{"rendered":"L&rsquo;ath\u00e9n\u00e9e actuel"},"content":{"rendered":"\n<p>En 1883, dans une p\u00e9riode agit\u00e9e par des r\u00e9formes de l&rsquo;enseignement, le Conseil Communal de Mons d\u00e9cidait la d\u00e9molition des anciens b\u00e2timents; un nouvel \u00e9difice allait s&rsquo;\u00e9riger entre 1885 et 1888, sur les plans de l&rsquo;architecte bruxellois Trappeniers.&nbsp;Quatre-vingt cinq ans plus tard, sa fa\u00e7ade, restaur\u00e9e et raval\u00e9e, retrouvait une nouvelle jeunesse.<\/p>\n\n\n<div class=\"wp-block-image\">\n<figure class=\"alignright size-full\"><img fetchpriority=\"high\" decoding=\"async\" width=\"359\" height=\"492\" src=\"https:\/\/anciens-armons.be\/wordpress\/wp-content\/uploads\/2022\/12\/deuxcoursvers1950web-1.jpg\" alt=\"\" class=\"wp-image-80\" srcset=\"https:\/\/anciens-armons.be\/wordpress\/wp-content\/uploads\/2022\/12\/deuxcoursvers1950web-1.jpg 359w, https:\/\/anciens-armons.be\/wordpress\/wp-content\/uploads\/2022\/12\/deuxcoursvers1950web-1-219x300.jpg 219w\" sizes=\"(max-width: 359px) 100vw, 359px\" \/><\/figure>\n<\/div>\n\n\n<p>Depuis 1950, avec la fusion de l&rsquo;Ecole Moyenne et de l&rsquo;Ath\u00e9n\u00e9e, celui-ci int\u00e8gre dans ses b\u00e2timents le refuge de l&rsquo;abbaye de Saint-Ghislain, joyau de l&rsquo;architecture montoise du XVI\u00e8me si\u00e8cle, dont les fa\u00e7ades \u00e0 front de rue F\u00e9tis sont class\u00e9es par le Patrimoine.<br>En 1982, l&rsquo;Ath\u00e9n\u00e9e, dont la population s&rsquo;\u00e9tait accrue consid\u00e9rablement, prenait possession de nouveaux locaux, \u00e0 front de la rue L\u00e9opold; ceux-ci avaient \u00e9t\u00e9 am\u00e9nag\u00e9s dans les b\u00e2timents de la Banque de Bruxelles, rachet\u00e9s par l&rsquo;Etat d\u00e8s 1972.<\/p>\n\n\n\n<p>Une nouvelle et derni\u00e8re extension se produisit \u00e0 partir de 1978 lorsque l&rsquo;Etat racheta le b\u00e2timent de l&rsquo;ancienne Acad\u00e9mie de musique, un ancien h\u00f4tel du XVIIIe si\u00e8cle connu sous le nom d&rsquo;h\u00f4tel de Fouleng ; ses b\u00e2timents class\u00e9s, d\u00e9molis et reconstruits \u00e0 l&rsquo;identique pour ce qui est des murs ext\u00e9rieurs, abritent d\u00e9sormais les sections fondamentale et pr\u00e9paratoire de l&rsquo;Ath\u00e9n\u00e9e. Les derniers am\u00e9nagements furent d&rsquo;ordre int\u00e9rieur.<\/p>\n\n\n\n<p>En 1990, il \u00e9tait d\u00e9cid\u00e9 de revoir la conformit\u00e9 en mati\u00e8re de protection contre l&rsquo;incendie et de proc\u00e9der \u00e0 la r\u00e9fection du syst\u00e8me d&rsquo;\u00e9gouttage.&nbsp;Les murs du hall et des couloirs ainsi que des classes du vieux b\u00e2timent allaient par la m\u00eame occasion voir leurs peintures compl\u00e8tement renouvel\u00e9es. Les couleurs choisies suscit\u00e8rent des r\u00e9actions en sens divers !&nbsp;Enfin les cuisines et le r\u00e9fectoire ont subi une profonde mutation: l&rsquo;ann\u00e9e scolaire 1999-2000 a vu la r\u00e9alisation de travaux de modernisation de grande ampleur.<\/p>\n\n\n\n<p><strong>Note :<\/strong><\/p>\n\n\n\n<p>Les travaux de r\u00e9am\u00e9nagement de la cour durant l&rsquo;\u00e9t\u00e9 1993 furent l&rsquo;occasion de d\u00e9couvrir un sous-sol riche en t\u00e9moignages de l&rsquo;occupation de notre \u00e9tablissement.&nbsp;On put d\u00e9couvrir diverses fondations des anciens b\u00e2timents. Mais d&rsquo;autres vestiges subsistent probablement plus profond\u00e9ment dans le sol.&nbsp;Le creusement d&rsquo;une tranch\u00e9e d&rsquo;\u00e9gouttage permit de d\u00e9couvrir \u00e0 environ 1,5m du niveau du sol des tessons de poterie, verreries diverses, &#8230;&nbsp;On y trouva m\u00eame, semble-t-il, un fragment de hache n\u00e9olithique.&nbsp;Tout ce mat\u00e9riau, non dat\u00e9 dans le d\u00e9tail, provient d&rsquo;une p\u00e9riode s&rsquo;\u00e9talant du XIV\u00e8me au XVII\u00e8me si\u00e8cle.<\/p>\n\n\n\n<p>Par comparaison avec du mat\u00e9riel trouv\u00e9 en d&rsquo;autres endroits de la Ville et dans le Nord de la France, notamment \u00e0 Lille, la c\u00e9ramique gla\u00e7ur\u00e9e, entre autres vert olive, peut \u00eatre dat\u00e9e des XV\u00e8me et XVI\u00e8me si\u00e8cles. Les d\u00e9lais d&rsquo;ex\u00e9cution des travaux \u00e9taient tels qu&rsquo;il fut malheureusement impossible d&rsquo;investiguer davantage. De nombreux vestiges demeureront probablement enfouis dans le sol et leur d\u00e9couverte restera le plaisir des g\u00e9n\u00e9rations futures.<\/p>\n\n\n\n<p><em>Claudy Dupont, professeur honoraire<\/em><\/p>\n","protected":false},"excerpt":{"rendered":"<p>En 1883, dans une p\u00e9riode agit\u00e9e par des r\u00e9formes de l&rsquo;enseignement, le Conseil Communal de Mons d\u00e9cidait la d\u00e9molition des anciens b\u00e2timents; un nouvel \u00e9difice allait s&rsquo;\u00e9riger entre 1885 et 1888, sur les plans de l&rsquo;architecte bruxellois Trappeniers.&nbsp;Quatre-vingt cinq ans plus tard, sa fa\u00e7ade, restaur\u00e9e et raval\u00e9e, retrouvait une nouvelle jeunesse. Depuis 1950, avec la [&hellip;]<\/p>\n","protected":false},"author":1,"featured_media":0,"parent":0,"menu_order":0,"comment_status":"closed","ping_status":"closed","template":"","meta":{"footnotes":""},"class_list":["post-42","page","type-page","status-publish","hentry"],"_links":{"self":[{"href":"https:\/\/anciens-armons.be\/wordpress\/wp-json\/wp\/v2\/pages\/42","targetHints":{"allow":["GET"]}}],"collection":[{"href":"https:\/\/anciens-armons.be\/wordpress\/wp-json\/wp\/v2\/pages"}],"about":[{"href":"https:\/\/anciens-armons.be\/wordpress\/wp-json\/wp\/v2\/types\/page"}],"author":[{"embeddable":true,"href":"https:\/\/anciens-armons.be\/wordpress\/wp-json\/wp\/v2\/users\/1"}],"replies":[{"embeddable":true,"href":"https:\/\/anciens-armons.be\/wordpress\/wp-json\/wp\/v2\/comments?post=42"}],"version-history":[{"count":2,"href":"https:\/\/anciens-armons.be\/wordpress\/wp-json\/wp\/v2\/pages\/42\/revisions"}],"predecessor-version":[{"id":86,"href":"https:\/\/anciens-armons.be\/wordpress\/wp-json\/wp\/v2\/pages\/42\/revisions\/86"}],"wp:attachment":[{"href":"https:\/\/anciens-armons.be\/wordpress\/wp-json\/wp\/v2\/media?parent=42"}],"curies":[{"name":"wp","href":"https:\/\/api.w.org\/{rel}","templated":true}]}}