{"id":758,"date":"2025-09-29T18:51:13","date_gmt":"2025-09-29T16:51:13","guid":{"rendered":"https:\/\/anciens-armons.be\/wordpress\/?page_id=758"},"modified":"2025-09-29T18:51:13","modified_gmt":"2025-09-29T16:51:13","slug":"prix-de-lunion","status":"publish","type":"page","link":"https:\/\/anciens-armons.be\/wordpress\/prix-de-lunion\/","title":{"rendered":"Prix de l&rsquo;Union"},"content":{"rendered":"\n<h2 class=\"wp-block-heading\">Prix de m\u00e9rite \u00ab Marcel Charles Furst Magerman \u00bb<\/h2>\n\n\n\n<p>Ces prix sont destin\u00e9s \u00e0 r\u00e9compenser des \u00e9l\u00e8ves m\u00e9ritants sortant de 6<sup>e<\/sup> pr\u00e9paratoire.<\/p>\n\n\n\n<h2 class=\"wp-block-heading\">Prix de m\u00e9rite \u00ab Fernand Bauvois \u00bb<\/h2>\n\n\n\n<p>Ces prix sont destin\u00e9s \u00e0 r\u00e9compenser deux \u00e9l\u00e8ves m\u00e9ritants sur le plan personnel de 3<sup>e <\/sup>ann\u00e9e des humanit\u00e9s.<\/p>\n\n\n\n<h2 class=\"wp-block-heading\">Prix des Anciens Professeurs et Ma\u00eetres d&rsquo;\u00c9tudes de l&rsquo;A.R. Mons<\/h2>\n\n\n\n<p>Ce prix, destin\u00e9 \u00e0 un \u00e9l\u00e8ve de Rh\u00e9torique, en homage \u00e0 &nbsp;l\u2019ensemble des membre(s) du personnel enseignant ou \u00e9ducatif, ayant d\u00e9finitivement cess\u00e9 leurs fonctions dans le courant de l\u2019ann\u00e9e.<\/p>\n\n\n\n<h2 class=\"wp-block-heading\"><strong>Prix des Langues anciennes \u00ab Professeur Demesse \u00bb<\/strong><\/h2>\n\n\n\n<p>Ce prix est attribu\u00e9 \u00e0 un \u00e9l\u00e8ve de Rh\u00e9torique pour ses r\u00e9sultats en latin.<\/p>\n\n\n\n<h2 class=\"wp-block-heading\">Prix de math\u00e9matiques \u00ab Professeur Ruchard \u00bb<\/h2>\n\n\n\n<p>Ce prix est attribu\u00e9 \u00e0 l\u2019\u00e9l\u00e8ve de Rh\u00e9torique qui s\u2019est dinstingu\u00e9 en math\u00e9matiques dans le cours \u00e0 minimum 6h par semaine.<\/p>\n\n\n\n<h2 class=\"wp-block-heading\">Prix de sciences \u00ab Pharmacien Fernand Marchand \u00bb<\/h2>\n\n\n\n<p>Ce prix est attribu\u00e9, pour son r\u00e9sultat en sciences (minimum 7h par semaine), \u00e0 un \u00e9l\u00e8ve de Rh\u00e9torique se destinant \u00e0 des \u00e9tudes universitaires.<\/p>\n\n\n\n<h2 class=\"wp-block-heading\">Prix du sens social et du d\u00e9vouement \u00ab Georges Scheppers \u00bb<\/h2>\n\n\n\n<p>Ce prix, en l&rsquo;honneur du fondateur du Service Social de l&rsquo;Union des Anciens \u00c9l\u00e8ves, est destin\u00e9 \u00e0 r\u00e9compenser un \u00e9l\u00e8ve de Rh\u00e9torique pour ses vertus de sens social et de serviabilit\u00e9.<\/p>\n\n\n\n<h2 class=\"wp-block-heading\">Prix des langues modernes<\/h2>\n\n\n\n<p>Deux prix sont destin\u00e9s \u00e0 r\u00e9compenser des \u00e9l\u00e8ves de Rh\u00e9torique qui se sont distingu\u00e9s dans la premi\u00e8re langue moderne, en n\u00e9erlandais d&rsquo;une part et en anglais d&rsquo;autre part.<\/p>\n\n\n\n<p>Un prix est \u00e9galement destin\u00e9 \u00e0 r\u00e9compenser l&rsquo;\u00e9l\u00e8ve de Rh\u00e9torique qui s&rsquo;est distingu\u00e9 dans une autre langue moderne.<\/p>\n\n\n\n<h2 class=\"wp-block-heading\">Prix \u00ab Pr\u00e9fet \u00c9mile Fossoul \u00bb<\/h2>\n\n\n\n<p>Ce prix, financ\u00e9 par la famille, est destin\u00e9 \u00e0 r\u00e9compenser l&rsquo;\u00e9l\u00e8ve sortant de Rh\u00e9torique ayant effectu\u00e9 toutes ses Humanit\u00e9s dans l\u2019enseignement officiel dont les deux derni\u00e8res ann\u00e9es \u00e0 l&rsquo;Ath\u00e9n\u00e9e Royal de Mons et qui a r\u00e9alis\u00e9 la meilleure analyse critique et objective de ses 6 ann\u00e9es secondaires. Ce prix est d\u00e9cern\u00e9 sur concours.<\/p>\n\n\n\n<h2 class=\"wp-block-heading\">Prix de fid\u00e9lit\u00e9 \u00ab Pr\u00e9fet Alfred Piraux \u00bb<\/h2>\n\n\n\n<p>Ces prix de fid\u00e9lit\u00e9, financ\u00e9s par Monsieur Alfred Piraux, r\u00e9compensent les \u00e9l\u00e8ves qui ont effectu\u00e9 toutes leurs ann\u00e9es scolaires depuis la section maternelle jusqu&rsquo;\u00e0 la rh\u00e9torique, \u00e0 l&rsquo;Ath\u00e9n\u00e9e de Mons.<\/p>\n\n\n\n<h2 class=\"wp-block-heading\">Prix de Sciences \u00c9conomiques \u00ab Louis Hubert \u00bb<\/h2>\n\n\n\n<p>Ce prix cr\u00e9\u00e9 et financ\u00e9 par la famille \u00e0 la m\u00e9moire de Louis Hubert, ancien \u00e9l\u00e8ve de l&rsquo;Ath\u00e9n\u00e9e et Administrateur de l&rsquo;Union pendant 40 ans, est destin\u00e9 \u00e0 r\u00e9compenser l&rsquo;\u00e9l\u00e8ve sortant de rh\u00e9torique et qui a obtenu le meilleur tanti\u00e8me en sciences \u00e9conomiques.<\/p>\n\n\n\n<h2 class=\"wp-block-heading\">Prix de l\u2019investissement<\/h2>\n\n\n\n<p>Le Prix de l&rsquo;investissement est d\u00e9cern\u00e9 \u00e0 un\u2022e \u00e9l\u00e8ve qui a contribu\u00e9 \u00e0 accroitre la notori\u00e9t\u00e9 de l&rsquo;Ath\u00e9n\u00e9e par sa participation \u00e0 un projet culturel, scientifique ou sportif, cette action n&rsquo;ayant pas port\u00e9 pr\u00e9judice \u00e0 sa scolarit\u00e9.<\/p>\n\n\n\n<p><\/p>\n","protected":false},"excerpt":{"rendered":"<p>Prix de m\u00e9rite \u00ab Marcel Charles Furst Magerman \u00bb Ces prix sont destin\u00e9s \u00e0 r\u00e9compenser des \u00e9l\u00e8ves m\u00e9ritants sortant de 6e pr\u00e9paratoire. Prix de m\u00e9rite \u00ab Fernand Bauvois \u00bb Ces prix sont destin\u00e9s \u00e0 r\u00e9compenser deux \u00e9l\u00e8ves m\u00e9ritants sur le plan personnel de 3e ann\u00e9e des humanit\u00e9s. Prix des Anciens Professeurs et Ma\u00eetres d&rsquo;\u00c9tudes de [&hellip;]<\/p>\n","protected":false},"author":1,"featured_media":0,"parent":0,"menu_order":0,"comment_status":"closed","ping_status":"closed","template":"","meta":{"footnotes":""},"class_list":["post-758","page","type-page","status-publish","hentry"],"_links":{"self":[{"href":"https:\/\/anciens-armons.be\/wordpress\/wp-json\/wp\/v2\/pages\/758","targetHints":{"allow":["GET"]}}],"collection":[{"href":"https:\/\/anciens-armons.be\/wordpress\/wp-json\/wp\/v2\/pages"}],"about":[{"href":"https:\/\/anciens-armons.be\/wordpress\/wp-json\/wp\/v2\/types\/page"}],"author":[{"embeddable":true,"href":"https:\/\/anciens-armons.be\/wordpress\/wp-json\/wp\/v2\/users\/1"}],"replies":[{"embeddable":true,"href":"https:\/\/anciens-armons.be\/wordpress\/wp-json\/wp\/v2\/comments?post=758"}],"version-history":[{"count":1,"href":"https:\/\/anciens-armons.be\/wordpress\/wp-json\/wp\/v2\/pages\/758\/revisions"}],"predecessor-version":[{"id":759,"href":"https:\/\/anciens-armons.be\/wordpress\/wp-json\/wp\/v2\/pages\/758\/revisions\/759"}],"wp:attachment":[{"href":"https:\/\/anciens-armons.be\/wordpress\/wp-json\/wp\/v2\/media?parent=758"}],"curies":[{"name":"wp","href":"https:\/\/api.w.org\/{rel}","templated":true}]}}